{"id":29,"date":"2013-08-07T13:07:42","date_gmt":"2013-08-07T13:07:42","guid":{"rendered":"http:\/\/philippe-clicq.net\/?page_id=29"},"modified":"2022-10-28T15:17:40","modified_gmt":"2022-10-28T15:17:40","slug":"a-propos","status":"publish","type":"page","link":"https:\/\/philippe-clicq.net\/","title":{"rendered":"Accueil"},"content":{"rendered":"\t\t<div data-elementor-type=\"wp-post\" data-elementor-id=\"29\" class=\"elementor elementor-29\">\n\t\t\t\t\t\t<section class=\"elementor-section elementor-top-section elementor-element elementor-element-66f339c elementor-section-boxed elementor-section-height-default elementor-section-height-default\" data-id=\"66f339c\" data-element_type=\"section\" data-e-type=\"section\">\n\t\t\t\t\t\t<div class=\"elementor-container elementor-column-gap-default\">\n\t\t\t\t\t<div class=\"elementor-column elementor-col-50 elementor-top-column elementor-element elementor-element-2fd7442\" data-id=\"2fd7442\" data-element_type=\"column\" data-e-type=\"column\">\n\t\t\t<div class=\"elementor-widget-wrap elementor-element-populated\">\n\t\t\t\t\t\t<div class=\"elementor-element elementor-element-b9743fe elementor-widget__width-initial elementor-widget elementor-widget-text-editor\" data-id=\"b9743fe\" data-element_type=\"widget\" data-e-type=\"widget\" data-widget_type=\"text-editor.default\">\n\t\t\t\t<div class=\"elementor-widget-container\">\n\t\t\t\t\t\t\t\t\t<h1>La peinture figurative\u2026 pour raconter des histoires imaginaires avec le r\u00e9el pour toile de fond<\/h1><p>Ces histoires imaginaires ou souvenirs r\u00e9invent\u00e9s se concr\u00e9tisent au travers du Figuratif car j\u2019ai besoin de parler au plus grand nombre, besoin de proposer des compositions accessibles \u00e0 tous, tout en laissant libre cours \u00e0 chacun son interpr\u00e9tation personnelle de mes toiles. C\u2019est pour cette raison que j\u2019utilise en partie des rep\u00e8res connus, qu\u2019ils fassent partie de notre environnement quotidien ou qu&rsquo;ils proviennent d\u2019univers imaginaires comme le cin\u00e9ma ou la bande dessin\u00e9e. J&rsquo;aime ajouter \u00e0 cette description du r\u00e9el une l\u00e9g\u00e8re distorsion, que ce soit dans les cadrages ou dans l\u2019interpr\u00e9tation de la lumi\u00e8re.<\/p><p>De par mon premier m\u00e9tier, graphiste-illustrateur et Directeur artistique, j\u2019ai toujours \u00e9t\u00e9 en relation avec le monde de la cr\u00e9ation visuelle qui m\u2019a permis d\u2019explorer les possibilit\u00e9s infinies de l\u2019art de la composition mais aussi le monde de la couleur et celui du trait, sans oublier le langage des formes et celui des images. Le travail sur la lumi\u00e8re, le volume et la profondeur sont \u00e9galement de vrais fils conducteur pour mon travail.<\/p><p>Je reconnais, pour mes premiers pas en peinture, avoir \u00e9t\u00e9 inspir\u00e9 par les Romantiques fran\u00e7ais pour la force de leurs compositions et leur drame. J\u2019ai conserv\u00e9 depuis cette p\u00e9riode le d\u00e9sir de la narration qui se teinte souvent d\u2019une pointe de nostalgie. Par la suite, la technique du clair-obscur m\u2019a incit\u00e9 \u00e0 r\u00e9alis\u00e9 une dizaine de toiles de facture plus classique de par les th\u00e8mes \u2028abord\u00e9s et par les ambiances. Plus r\u00e9cemment ma recherche artistique essaie de confondre ces deux influences mais en les projetant dans notre \u00e9poque actuelle et en accentuant encore le trait graphique et pr\u00e9cis que j\u2019affectionne tant.<\/p><hr \/><p>\u00a0<\/p><p style=\"text-align: justify;\"><span style=\"font-family: verdana,geneva; font-size: 12px;\">\u00a0<\/span><\/p>\t\t\t\t\t\t\t\t<\/div>\n\t\t\t\t<\/div>\n\t\t\t\t\t<\/div>\n\t\t<\/div>\n\t\t\t\t<div class=\"elementor-column elementor-col-50 elementor-top-column elementor-element elementor-element-84d9366\" data-id=\"84d9366\" data-element_type=\"column\" data-e-type=\"column\">\n\t\t\t<div class=\"elementor-widget-wrap elementor-element-populated\">\n\t\t\t\t\t\t<div class=\"elementor-element elementor-element-df91db5 elementor-widget__width-inherit elementor-widget elementor-widget-text-editor\" data-id=\"df91db5\" data-element_type=\"widget\" data-e-type=\"widget\" data-widget_type=\"text-editor.default\">\n\t\t\t\t<div class=\"elementor-widget-container\">\n\t\t\t\t\t\t\t\t\t<h1>Figurative painting\u2026 as a way of telling stories with reality as a background.<\/h1><p>The stories I tell are at the same time figurative and made up with reinvented memories because I intend to be heard by as many people as possible and I want my work to be easily understood, but I also want people to feel free to use their own imagination.<\/p><p>That\u2019s why I use familiar images inspired by moving pictures, comic strips or day-to-day life. I like to add a slight distortion either in the framing or in the way I play with the light.<\/p><p>As a graphic arts designer, illustrator and artistic director, I\u2019ve always used visual creativity as a material in order to explore the infinite possibilities of art through the language of composition, colours, lines, and of course shapes and images. Lights, volumes and depth are equally important in my work.<\/p><p>The French Romantics are an undeniable source of inspiration because of their powerful compositions and their sense of drama. I\u2019ve always liked telling stories with a hint of nostalgia. Then as I experienced the chiaroscuro technique I painted some works showing more classical themes and atmospheres. Lately, those two influences have come together to talk about our contemporary world while enhancing this graphic style of mine.<\/p><p style=\"text-align: justify;\"><span style=\"font-family: verdana,geneva; font-size: 12px;\">\u00a0<\/span><\/p>\t\t\t\t\t\t\t\t<\/div>\n\t\t\t\t<\/div>\n\t\t\t\t\t<\/div>\n\t\t<\/div>\n\t\t\t\t\t<\/div>\n\t\t<\/section>\n\t\t\t\t<section class=\"elementor-section elementor-top-section elementor-element elementor-element-3cc183c elementor-section-boxed elementor-section-height-default elementor-section-height-default\" data-id=\"3cc183c\" data-element_type=\"section\" data-e-type=\"section\">\n\t\t\t\t\t\t<div class=\"elementor-container elementor-column-gap-default\">\n\t\t\t\t\t<div class=\"elementor-column elementor-col-100 elementor-top-column elementor-element elementor-element-590f00b\" data-id=\"590f00b\" data-element_type=\"column\" data-e-type=\"column\">\n\t\t\t<div class=\"elementor-widget-wrap elementor-element-populated\">\n\t\t\t\t\t\t<div class=\"elementor-element elementor-element-4a016e9 elementor-shape-rounded elementor-grid-0 e-grid-align-center elementor-widget elementor-widget-social-icons\" data-id=\"4a016e9\" data-element_type=\"widget\" data-e-type=\"widget\" data-widget_type=\"social-icons.default\">\n\t\t\t\t<div class=\"elementor-widget-container\">\n\t\t\t\t\t\t\t<div class=\"elementor-social-icons-wrapper elementor-grid\" role=\"list\">\n\t\t\t\t\t\t\t<span class=\"elementor-grid-item\" role=\"listitem\">\n\t\t\t\t\t<a class=\"elementor-icon elementor-social-icon elementor-social-icon-facebook elementor-repeater-item-161877b\" href=\"https:\/\/www.facebook.com\/Philippe-Clicq-Peintre-1580948581957760\/\" target=\"_blank\">\n\t\t\t\t\t\t<span class=\"elementor-screen-only\">Facebook<\/span>\n\t\t\t\t\t\t\t\t\t\t\t\t\t<i class=\"fa fa-facebook\" aria-hidden=\"true\"><\/i>\n\t\t\t\t\t\t\t\t\t\t\t<\/a>\n\t\t\t\t<\/span>\n\t\t\t\t\t\t\t<span class=\"elementor-grid-item\" role=\"listitem\">\n\t\t\t\t\t<a class=\"elementor-icon elementor-social-icon elementor-social-icon-instagram elementor-repeater-item-e49c1b0\" href=\"https:\/\/www.instagram.com\/philippe_clicq\/\" target=\"_blank\">\n\t\t\t\t\t\t<span class=\"elementor-screen-only\">Instagram<\/span>\n\t\t\t\t\t\t\t\t\t\t\t\t\t<i class=\"fa fa-instagram\" aria-hidden=\"true\"><\/i>\n\t\t\t\t\t\t\t\t\t\t\t<\/a>\n\t\t\t\t<\/span>\n\t\t\t\t\t<\/div>\n\t\t\t\t\t\t<\/div>\n\t\t\t\t<\/div>\n\t\t\t\t\t<\/div>\n\t\t<\/div>\n\t\t\t\t\t<\/div>\n\t\t<\/section>\n\t\t\t\t<\/div>\n\t\t","protected":false},"excerpt":{"rendered":"<p>La peinture figurative\u2026 pour raconter des histoires imaginaires avec le r\u00e9el pour toile de fond Ces histoires imaginaires ou souvenirs r\u00e9invent\u00e9s se concr\u00e9tisent au travers du Figuratif car j\u2019ai besoin de parler au plus grand nombre, besoin de proposer des compositions accessibles \u00e0 tous, tout en laissant libre cours \u00e0 chacun son interpr\u00e9tation personnelle de [&hellip;]<\/p>\n","protected":false},"author":1,"featured_media":0,"parent":0,"menu_order":0,"comment_status":"closed","ping_status":"open","template":"","meta":{"footnotes":""},"class_list":["post-29","page","type-page","status-publish","hentry"],"_links":{"self":[{"href":"https:\/\/philippe-clicq.net\/index.php?rest_route=\/wp\/v2\/pages\/29","targetHints":{"allow":["GET"]}}],"collection":[{"href":"https:\/\/philippe-clicq.net\/index.php?rest_route=\/wp\/v2\/pages"}],"about":[{"href":"https:\/\/philippe-clicq.net\/index.php?rest_route=\/wp\/v2\/types\/page"}],"author":[{"embeddable":true,"href":"https:\/\/philippe-clicq.net\/index.php?rest_route=\/wp\/v2\/users\/1"}],"replies":[{"embeddable":true,"href":"https:\/\/philippe-clicq.net\/index.php?rest_route=%2Fwp%2Fv2%2Fcomments&post=29"}],"version-history":[{"count":72,"href":"https:\/\/philippe-clicq.net\/index.php?rest_route=\/wp\/v2\/pages\/29\/revisions"}],"predecessor-version":[{"id":829,"href":"https:\/\/philippe-clicq.net\/index.php?rest_route=\/wp\/v2\/pages\/29\/revisions\/829"}],"wp:attachment":[{"href":"https:\/\/philippe-clicq.net\/index.php?rest_route=%2Fwp%2Fv2%2Fmedia&parent=29"}],"curies":[{"name":"wp","href":"https:\/\/api.w.org\/{rel}","templated":true}]}}